{"version":"1.0","provider_name":"Amstel &amp; Seine","provider_url":"https:\/\/amstelseine.com\/fr\/","title":"De la r\u00e9mun\u00e9ration variable sur objectifs et discr\u00e9tionnaire - Amstel &amp; Seine","type":"rich","width":600,"height":338,"html":"<blockquote class=\"wp-embedded-content\" data-secret=\"FPK4VnEx7G\"><a href=\"https:\/\/amstelseine.com\/fr\/nouvelles\/de-la-remuneration-variable-sur-objectifs-et-discretionnaire\/\">De la r\u00e9mun\u00e9ration variable sur objectifs et discr\u00e9tionnaire<\/a><\/blockquote><iframe sandbox=\"allow-scripts\" security=\"restricted\" src=\"https:\/\/amstelseine.com\/fr\/nouvelles\/de-la-remuneration-variable-sur-objectifs-et-discretionnaire\/embed\/#?secret=FPK4VnEx7G\" width=\"600\" height=\"338\" title=\"\u00ab\u00a0De la r\u00e9mun\u00e9ration variable sur objectifs et discr\u00e9tionnaire\u00a0\u00bb &#8212; Amstel &amp; Seine\" data-secret=\"FPK4VnEx7G\" frameborder=\"0\" marginwidth=\"0\" marginheight=\"0\" scrolling=\"no\" class=\"wp-embedded-content\"><\/iframe><script type=\"text\/javascript\">\n\/* <![CDATA[ *\/\n\/*! This file is auto-generated *\/\n!function(d,l){\"use strict\";l.querySelector&&d.addEventListener&&\"undefined\"!=typeof URL&&(d.wp=d.wp||{},d.wp.receiveEmbedMessage||(d.wp.receiveEmbedMessage=function(e){var t=e.data;if((t||t.secret||t.message||t.value)&&!\/[^a-zA-Z0-9]\/.test(t.secret)){for(var s,r,n,a=l.querySelectorAll('iframe[data-secret=\"'+t.secret+'\"]'),o=l.querySelectorAll('blockquote[data-secret=\"'+t.secret+'\"]'),c=new RegExp(\"^https?:$\",\"i\"),i=0;i<o.length;i++)o[i].style.display=\"none\";for(i=0;i<a.length;i++)s=a[i],e.source===s.contentWindow&&(s.removeAttribute(\"style\"),\"height\"===t.message?(1e3<(r=parseInt(t.value,10))?r=1e3:~~r<200&&(r=200),s.height=r):\"link\"===t.message&&(r=new URL(s.getAttribute(\"src\")),n=new URL(t.value),c.test(n.protocol))&&n.host===r.host&&l.activeElement===s&&(d.top.location.href=t.value))}},d.addEventListener(\"message\",d.wp.receiveEmbedMessage,!1),l.addEventListener(\"DOMContentLoaded\",function(){for(var e,t,s=l.querySelectorAll(\"iframe.wp-embedded-content\"),r=0;r<s.length;r++)(t=(e=s[r]).getAttribute(\"data-secret\"))||(t=Math.random().toString(36).substring(2,12),e.src+=\"#?secret=\"+t,e.setAttribute(\"data-secret\",t)),e.contentWindow.postMessage({message:\"ready\",secret:t},\"*\")},!1)))}(window,document);\n\/\/# sourceURL=https:\/\/amstelseine.com\/wp-includes\/js\/wp-embed.min.js\n\/* ]]> *\/\n<\/script>\n","thumbnail_url":"https:\/\/amstelseine.com\/wp-content\/uploads\/Variabele-beloning.jpg","thumbnail_width":1920,"thumbnail_height":1280,"description":"Pour les entreprises, la r\u00e9mun\u00e9ration variable est per\u00e7ue comme un levier de performance et de motivation pour ses salari\u00e9s, mais aussi comme un outil offrant \u00e0 l\u2019entreprise un certaine flexibilit\u00e9 financi\u00e8re. Selon la DARES, les \u00e9l\u00e9ments variables de r\u00e9mun\u00e9ration repr\u00e9sentent 22,9% de la r\u00e9mun\u00e9ration brute totale en 2022. Si l\u2019on se focalise sur la r\u00e9mun\u00e9ration [&hellip;]"}